{"id":1778,"date":"2024-04-18T09:19:47","date_gmt":"2024-04-18T07:19:47","guid":{"rendered":"https:\/\/www.green-y.ch\/faq-items\/comment-fonctionne-le-systeme-de-stockage-denergie-a-air-comprime-de-green-y\/"},"modified":"2024-04-18T09:19:47","modified_gmt":"2024-04-18T07:19:47","slug":"comment-fonctionne-le-systeme-de-stockage-denergie-a-air-comprime-de-green-y","status":"publish","type":"avada_faq","link":"https:\/\/green-y.ch\/fr\/faq-items\/comment-fonctionne-le-systeme-de-stockage-denergie-a-air-comprime-de-green-y\/","title":{"rendered":"Comment fonctionne le syst\u00e8me de stockage d&#8217;\u00e9nergie \u00e0 air comprim\u00e9 de Green-Y ?"},"content":{"rendered":"<p>Le syst\u00e8me de stockage d&#8217;\u00e9nergie \u00e0 air comprim\u00e9 de Green-Y utilise principalement des sources d&#8217;\u00e9nergie renouvelables telles que l&#8217;\u00e9nergie solaire pour comprimer l&#8217;air et le stocker dans des cylindres pressuris\u00e9s. En cas de besoin, l&#8217;air comprim\u00e9 est \u00e0 nouveau lib\u00e9r\u00e9 et converti en \u00e9lectricit\u00e9. Une caract\u00e9ristique particuli\u00e8re est l&#8217;utilisation de la chaleur et du froid g\u00e9n\u00e9r\u00e9s pendant les processus de chargement et de d\u00e9chargement, qui sont int\u00e9gr\u00e9s dans le cycle \u00e9nerg\u00e9tique du b\u00e2timent ou dans les processus industriels afin d&#8217;\u00e9conomiser de l&#8217;\u00e9nergie.<\/p>\n","protected":false},"excerpt":{"rendered":"<p>Le syst\u00e8me de stockage d&#8217;\u00e9nergie \u00e0 air comprim\u00e9 de Green-Y  [&#8230;]<\/p>\n","protected":false},"author":1,"featured_media":0,"menu_order":8,"comment_status":"open","ping_status":"closed","template":"","format":"standard","meta":{"footnotes":""},"faq_category":[50],"class_list":["post-1778","avada_faq","type-avada_faq","status-publish","format-standard","hentry","faq_category-accumulateur-denergie-a-air-comprime"],"aioseo_notices":[],"_links":{"self":[{"href":"https:\/\/green-y.ch\/fr\/wp-json\/wp\/v2\/avada_faq\/1778","targetHints":{"allow":["GET"]}}],"collection":[{"href":"https:\/\/green-y.ch\/fr\/wp-json\/wp\/v2\/avada_faq"}],"about":[{"href":"https:\/\/green-y.ch\/fr\/wp-json\/wp\/v2\/types\/avada_faq"}],"author":[{"embeddable":true,"href":"https:\/\/green-y.ch\/fr\/wp-json\/wp\/v2\/users\/1"}],"replies":[{"embeddable":true,"href":"https:\/\/green-y.ch\/fr\/wp-json\/wp\/v2\/comments?post=1778"}],"version-history":[{"count":0,"href":"https:\/\/green-y.ch\/fr\/wp-json\/wp\/v2\/avada_faq\/1778\/revisions"}],"wp:attachment":[{"href":"https:\/\/green-y.ch\/fr\/wp-json\/wp\/v2\/media?parent=1778"}],"wp:term":[{"taxonomy":"faq_category","embeddable":true,"href":"https:\/\/green-y.ch\/fr\/wp-json\/wp\/v2\/faq_category?post=1778"}],"curies":[{"name":"wp","href":"https:\/\/api.w.org\/{rel}","templated":true}]}}